{"id":420,"date":"2016-07-30T16:03:10","date_gmt":"2016-07-30T16:03:10","guid":{"rendered":"http:\/\/www.oliverdiaz.es\/?page_id=420"},"modified":"2026-04-24T11:24:42","modified_gmt":"2026-04-24T11:24:42","slug":"galeria","status":"publish","type":"page","link":"https:\/\/www.oliverdiaz.es\/en\/galeria\/","title":{"rendered":"Media"},"content":{"rendered":"[vc_row row_type=&#8221;row&#8221; use_row_as_full_screen_section=&#8221;no&#8221; type=&#8221;full_width&#8221; text_align=&#8221;left&#8221; css_animation=&#8221;&#8221; box_shadow_on_row=&#8221;no&#8221;][vc_column][vc_custom_heading text=&#8221;Videos&#8221; use_theme_fonts=&#8221;yes&#8221;][\/vc_column][\/vc_row][vc_row row_type=&#8221;row&#8221; use_row_as_full_screen_section=&#8221;yes&#8221; type=&#8221;full_width&#8221; text_align=&#8221;left&#8221; css_animation=&#8221;&#8221; box_shadow_on_row=&#8221;no&#8221;][vc_column width=&#8221;2\/3&#8243;][vc_video link=&#8221;https:\/\/youtu.be\/fVDmLATVQ4E&#8221;][\/vc_column][vc_column width=&#8221;1\/3&#8243;][vc_video link=&#8221;https:\/\/youtu.be\/0U-m86d2jU8&#8243;][vc_empty_space height=&#8221;18px&#8221; image_repeat=&#8221;no-repeat&#8221;][vc_video link=&#8221;https:\/\/www.youtube.com\/watch?v=nFB4ZogMdKU&#8221;][\/vc_column][\/vc_row][vc_row row_type=&#8221;row&#8221; use_row_as_full_screen_section=&#8221;no&#8221; type=&#8221;full_width&#8221; text_align=&#8221;left&#8221; css_animation=&#8221;&#8221; box_shadow_on_row=&#8221;no&#8221;][vc_column]<a href=\"https:\/\/www.youtube.com\/user\/oliverdirector?sub_confirmation=1\" target=\"_blank\" data-hover-animated-background-color=#cdba69 data-hover-color=#ffffff  class=\"qbutton  big_large_full_width fill_from_left icon_right\" style=\"color: #cdba69; border-width: 0px; background-color: #ffffff;\"><span class=\"text_wrap\">MORE VIDEOS &gt;&gt;<\/span><span class=\"a_overlay\" style=\"\"><\/span><\/a>[vc_empty_space height=&#8221;42px&#8221; image_repeat=&#8221;no-repeat&#8221;][\/vc_column][\/vc_row][vc_row row_type=&#8221;row&#8221; use_row_as_full_screen_section=&#8221;no&#8221; type=&#8221;full_width&#8221; text_align=&#8221;left&#8221; css_animation=&#8221;&#8221; box_shadow_on_row=&#8221;no&#8221;][vc_column][vc_custom_heading text=&#8221;Photos&#8221; use_theme_fonts=&#8221;yes&#8221;][vc_masonry_media_grid element_width=&#8221;6&#8243; gap=&#8221;2&#8243; item=&#8221;masonryMedia_BorderedScale&#8221; grid_id=&#8221;vc_gid:1523145193330-caf7defe-eae0-10&#8243; include=&#8221;994,992,763,765&#8243;]<a href=\"http:\/\/bit.ly\/descargar-fotos-oliver\" target=\"_blank\" data-hover-animated-background-color=#cdba69 data-hover-color=#ffffff  class=\"qbutton  big_large_full_width fill_from_left icon_right\" style=\"color: #cdba69; border-width: 0px; background-color: #ffffff;\"><span class=\"text_wrap\">DOWNLOAD HQ PHOTOS<\/span><span class=\"a_overlay\" style=\"\"><\/span><\/a>[\/vc_column][\/vc_row][vc_row row_type=&#8221;row&#8221; use_row_as_full_screen_section=&#8221;no&#8221; type=&#8221;full_width&#8221; text_align=&#8221;left&#8221; css_animation=&#8221;&#8221; box_shadow_on_row=&#8221;no&#8221;][vc_column][vc_empty_space height=&#8221;42px&#8221; image_repeat=&#8221;no-repeat&#8221;][\/vc_column][\/vc_row][vc_row row_type=&#8221;row&#8221; use_row_as_full_screen_section=&#8221;no&#8221; type=&#8221;full_width&#8221; text_align=&#8221;left&#8221; css_animation=&#8221;&#8221; box_shadow_on_row=&#8221;no&#8221;][vc_column][vc_custom_heading text=&#8221;Discography&#8221; use_theme_fonts=&#8221;yes&#8221;][vc_custom_heading text=&#8221;Guitar Concertos (2016)&#8221; font_container=&#8221;tag:h3|text_align:left&#8221; use_theme_fonts=&#8221;yes&#8221;][vc_row_inner row_type=&#8221;row&#8221; type=&#8221;full_width&#8221; use_row_as_full_screen_section_slide=&#8221;no&#8221; text_align=&#8221;left&#8221; css_animation=&#8221;&#8221; box_shadow_on_row=&#8221;no&#8221;][vc_column_inner width=&#8221;1\/2&#8243;][vc_column_text]This album brings together two unpublished pieces and an indisputable masterpiece, the <em>Concierto de Aranjuez<\/em> composed by Maestro Rodrigo who, with its sublime Adagio, has become his most famous work. Extraordinarily powerful is the orchestral version of <em>Quatre pi\u00e8ces br\u00e8ves for solo guitar<\/em> composed by Frank Martin. Echoes of Rodrigo\u2019s works can be heard on the cinematic romanticism of Leo Brouwer in his <span lang=\"es\"><em>Concierto de Benic\u00e0ssi<\/em><\/span><span lang=\"es\"><em>m<\/em><\/span>.<\/p>\n<span class=\"collapseomatic \" id=\"id69ee36ce9b11a\"  tabindex=\"0\" title=\"Read more\"    >Read more<\/span><div id=\"target-id69ee36ce9b11a\" class=\"collapseomatic_content \">\n<h3>Credits<\/h3>\n<p><strong>Executive Producer<\/strong>:\u00a0Mar\u00eda Rodr\u00edguez<br \/>\n<strong>Producer<\/strong>: Concha Alhambra<br \/>\n<strong>Assistant Conductor<\/strong>: Lara Diloy<br \/>\n<strong>Sound engineer<\/strong>:\u00a0Fernando Arias<br \/>\n<strong>Technical director<\/strong>:\u00a0Jos\u00e9 M. Montes<br \/>\n<strong>Production<\/strong>:\u00a0Esther Calvo<br \/>\n<strong>Archivist<\/strong>: Marieta Lorenzo<br \/>\nRecorded at the \u00a0Auditorio de Galicia, Sala \u00c1ngel Brage, from June the 21st to the 24th 2015.<br \/>\n<strong>Guitarist<\/strong>: Miguel Tr\u00e1paga<br \/>\n<strong>Conductor<\/strong>: \u00d3liver D\u00edaz<br \/>\n<strong>Orchestra: <\/strong>Real Filharmon\u00eda de Galicia<br \/>\n<\/div>[\/vc_column_text][\/vc_column_inner][vc_column_inner width=&#8221;1\/2&#8243;][vc_single_image image=&#8221;464&#8243; img_size=&#8221;medium&#8221; qode_hover_animation=&#8221;&#8221; qode_css_animation=&#8221;&#8221;][\/vc_column_inner][\/vc_row_inner][vc_empty_space height=&#8221;42px&#8221; image_repeat=&#8221;no-repeat&#8221;][vc_custom_heading text=&#8221;Bel Canto (2013)&#8221; font_container=&#8221;tag:h3|text_align:left&#8221; use_theme_fonts=&#8221;yes&#8221;][vc_row_inner row_type=&#8221;row&#8221; type=&#8221;full_width&#8221; use_row_as_full_screen_section_slide=&#8221;no&#8221; text_align=&#8221;left&#8221; css_animation=&#8221;&#8221; box_shadow_on_row=&#8221;no&#8221;][vc_column_inner width=&#8221;1\/2&#8243;][vc_column_text]\n<p style=\"text-align: justify;\">The soprano Mariola Cantarero and the bass-baritone Simon Orfila present &#8221;Bel Canto&#8221;, the album they have recorded accompanied by the Real Filharmonia orchestra of Galicia, conducted by \u00d3liver D\u00edaz. The CD includes arias and duets from operas composed by Mozart (Don Giovanni), Rossini (&#8216;Semiramide&#8217; and &#8216;Il Barbiere di Siviglia&#8217;) and Donizetti (&#8216;Lucrezia Borgia&#8217;, &#8216;Anna Bolena&#8217; and &#8216;L&#8217;elisir d&#8217;amore&#8217;). Orfila is excited about the result: &#8221;Earlier this year I presented my first solo album, &#8216;My dream&#8217;, in which I sing a little of everything, including zarzuela; but I avoided the opera to reserve myself for this record, singing arias and duets with Mariola, who is splendid, so much that I was moved when I heard the final result.&#8221;<\/p>\n<span class=\"collapseomatic \" id=\"id69ee36ce9b12d\"  tabindex=\"0\" title=\"Read more\"    >Read more<\/span><div id=\"target-id69ee36ce9b12d\" class=\"collapseomatic_content \">\n<p style=\"text-align: justify;\">Mariola Cantarero, soprano<\/p>\n<p style=\"text-align: justify;\">Sim\u00f3n Orfila, bass-baritone<\/p>\n<p style=\"text-align: justify;\">\u00d3liver D\u00edaz,\u00a0conductor<\/p>\n<p style=\"text-align: justify;\">Real Filharmon\u00eda de Galicia<\/p>\n<\/div>[\/vc_column_text][\/vc_column_inner][vc_column_inner width=&#8221;1\/2&#8243;][vc_column_text]<iframe loading=\"lazy\" src=\"https:\/\/embed.spotify.com\/?uri=spotify%3Aalbum%3A5sEL4OHtcsCNFyeRm9SM7L\" width=\"300\" height=\"350\" frameborder=\"0\"><\/iframe>[\/vc_column_text][\/vc_column_inner][\/vc_row_inner][vc_row_inner row_type=&#8221;row&#8221; type=&#8221;full_width&#8221; use_row_as_full_screen_section_slide=&#8221;no&#8221; text_align=&#8221;left&#8221; css_animation=&#8221;&#8221; box_shadow_on_row=&#8221;no&#8221;][vc_column_inner][vc_empty_space height=&#8221;42px&#8221; image_repeat=&#8221;no-repeat&#8221;][vc_custom_heading text=&#8221;Oda a Jovellanos (2011)&#8221; font_container=&#8221;tag:h3|text_align:left&#8221; use_theme_fonts=&#8221;yes&#8221;][\/vc_column_inner][\/vc_row_inner][vc_row_inner row_type=&#8221;row&#8221; type=&#8221;full_width&#8221; use_row_as_full_screen_section_slide=&#8221;no&#8221; text_align=&#8221;left&#8221; css_animation=&#8221;&#8221; box_shadow_on_row=&#8221;no&#8221;][vc_column_inner width=&#8221;1\/2&#8243;][vc_column_text]A musical tribute to Baltasar Gaspar Melchor de Jovellanos (Gij\u00f3n 1744-Puerto de Vega, Navia 1811) in commemoration of the bicentennial of his death. The <em>Orquesta Sinf\u00f3nica del Principado de Asturias<\/em> and the <em>Coro de la Fundaci\u00f3n Pr\u00edncipe de Asturias<\/em> conducted by Oliver Diaz perform this composition by Jorge Mu\u00f1iz.<\/p>\n<span class=\"collapseomatic \" id=\"id69ee36ce9b13e\"  tabindex=\"0\" title=\"Read more\"    >Read more<\/span><div id=\"target-id69ee36ce9b13e\" class=\"collapseomatic_content \">\n<h3>Credits<\/h3>\n<p><strong>Joaqu\u00edn Pix\u00e1n<\/strong>: Tenor<br \/>\n<strong>Jorge Mu\u00f1iz<\/strong>:\u00a0Composer<br \/>\n<strong>Antonio Gamoneda<\/strong>: Texts<br \/>\n<strong>\u00d3liver D\u00edaz<\/strong>:\u00a0Conductor<br \/>\n<strong>Mario Bernardo<\/strong>: Piano<br \/>\n<strong>Pablo Men\u00e9ndez<\/strong>: Guitar<br \/>\n<strong>David Cervera<\/strong>: Bass guitar<br \/>\n<strong>Coro de la Fundaci\u00f3n Pr\u00edncipe de Asturias<\/strong><br \/>\n<strong>Orquesta Sinf\u00f3nica del Principado de Asturias<\/strong><\/p>\n<p><strong>Steve Taylor<\/strong>\u00a0<strong>\u2013 The Produccion House<\/strong>: Sound Engineer\u00a0\u201cOda Jovellanos\u201d<br \/>\n<strong>Ardilla &amp; Feedback Arte y Sonido Producciones<\/strong>: Sound Engineer \u201csongs from the era of Jovellanos\u201d<br \/>\n<strong>Joaqu\u00edn P\u00e9rez Fuertes \/ Steve Taylor<\/strong>: Postproduction<br \/>\n<strong>Dominic Gibson<\/strong>: Technical Assistant<br \/>\n<strong>ANDANTE Producciones Culturales:<\/strong>\u00a0Production<br \/>\n<strong>Mar\u00eda Sanhuesa<\/strong>: Texts and documentation<br \/>\n<strong>Mar\u00eda Higuera:\u00a0<\/strong>Design<br \/>\n<strong>Manuel Membrillo<\/strong>:\u00a0Assistant executive producer<br \/>\n<strong>Maite B\u00e4ckman<\/strong>: Management and Coordination<br \/>\n<strong>Recording dates<\/strong>: June and July 2011<br \/>\n<strong>Recording Place<\/strong>: Auditorio Palacio de Congresos Pr\u00edncipe\u00a0Felipe de Oviedo<\/p>\n<h3>Making of<\/h3>\n<p><iframe loading=\"lazy\" src=\"https:\/\/www.youtube.com\/embed\/9KKiImNN8o8\" width=\"640\" height=\"480\" frameborder=\"0\" allowfullscreen=\"allowfullscreen\"><\/iframe><\/p>\n<\/div>[\/vc_column_text][\/vc_column_inner][vc_column_inner width=&#8221;1\/2&#8243;][vc_column_text]<iframe loading=\"lazy\" src=\"https:\/\/embed.spotify.com\/?uri=spotify%3Aalbum%3A53X2TogpahMKsGoXCEVrDA\" width=\"300\" height=\"350\" frameborder=\"0\"><\/iframe>[\/vc_column_text][\/vc_column_inner][\/vc_row_inner][vc_row_inner row_type=&#8221;row&#8221; type=&#8221;full_width&#8221; use_row_as_full_screen_section_slide=&#8221;no&#8221; text_align=&#8221;left&#8221; css_animation=&#8221;&#8221; box_shadow_on_row=&#8221;no&#8221;][vc_column_inner][vc_empty_space height=&#8221;42px&#8221; image_repeat=&#8221;no-repeat&#8221;][vc_custom_heading text=&#8221;Sue\u00f1o (2011)&#8221; font_container=&#8221;tag:h3|text_align:left&#8221; use_theme_fonts=&#8221;yes&#8221;][\/vc_column_inner][\/vc_row_inner][vc_row_inner row_type=&#8221;row&#8221; type=&#8221;full_width&#8221; use_row_as_full_screen_section_slide=&#8221;no&#8221; text_align=&#8221;left&#8221; css_animation=&#8221;&#8221; box_shadow_on_row=&#8221;no&#8221;][vc_column_inner width=&#8221;1\/2&#8243;][vc_column_text]\n<p style=\"text-align: justify;\"><strong>CD+DVD<\/strong>.\u00a0This is the most careful, smart and ambitious composition of Javier: a wonderful fusion between popular and classical music. His biggest works as &#8216;Agualuna&#8217; or &#8216;El Naufrago del Sahara&#8217; and some new ones. Guitarist Javier Ruibal with the Orquesta de C\u00f3rdoba and conducted by Oliver Diaz recorded live 18 songs for this album entitled &#8220;Dream&#8221;. The orchestral arrangements are made by Javier L\u00f3pez de Guere\u00f1a.<\/p>\n<span class=\"collapseomatic \" id=\"id69ee36ce9b14d\"  tabindex=\"0\" title=\"Read more\"    >Read more<\/span><div id=\"target-id69ee36ce9b14d\" class=\"collapseomatic_content \">\n<h3 style=\"text-align: justify;\">Credits<\/h3>\n<p style=\"text-align: justify;\"><strong>Artistic Production<\/strong>: Javier Ruibal y Javier L\u00f3pez de Guere\u00f1a<br \/>\n<strong>Executive Producer<\/strong>: Javier Amor\u00f3s (for\u00a0<em>18 chulos records<\/em>)<br \/>\nLyrics and music: Javier Ruibal, except n.10 (Javier L\u00f3pez de Guere\u00f1a) and n.17 (Javier Ruibal &#8211; Eric Satie)<br \/>\n<strong>Arrangements and editing<\/strong>: Javier L\u00f3pez de Guere\u00f1a<br \/>\n<strong>Sound Engineer<\/strong>: Andr\u00e9s V\u00e1zquez<br \/>\n<strong>Technician monitors<\/strong>: Blas Acosta<br \/>\n<strong>Sound Assistant<\/strong>: Antonio Esteban<br \/>\nRecorded at the Gran Teatro de C\u00f3rdoba (15-VII-2010) and Teatro Manuel de Falla of C\u00e1diz (25-XI-2010)<br \/>\nPostproduction made in Estudios Arco Valle by Andr\u00e9s V\u00e1zquez and Javier L\u00f3pez de Guere\u00f1a<br \/>\n<strong>Conductor<\/strong>: Oliver Diaz<br \/>\n<b>Saxos<\/b>: Andreas Prittwitz<br \/>\n<strong>Percussion and drums<\/strong>: Javi Ruibal<br \/>\n<b>Acordono<\/b>: Esteban Algora<br \/>\n<strong>Piano<\/strong>: Constanza Lechner<br \/>\n<strong>Pedal Steel<\/strong>: David Soler<br \/>\n<strong>Orquesta de C\u00f3rdoba<\/strong><\/p>\n<\/div>[\/vc_column_text][\/vc_column_inner][vc_column_inner width=&#8221;1\/2&#8243;][vc_column_text]<iframe loading=\"lazy\" src=\"https:\/\/embed.spotify.com\/?uri=spotify%3Aalbum%3A5wc3r2GULiS5odL0LRgGxL\" width=\"300\" height=\"350\" frameborder=\"0\"><\/iframe>[\/vc_column_text][\/vc_column_inner][\/vc_row_inner][\/vc_column][\/vc_row]","protected":false},"excerpt":{"rendered":"<p>[vc_row row_type=&#8221;row&#8221; use_row_as_full_screen_section=&#8221;no&#8221; type=&#8221;full_width&#8221; text_align=&#8221;left&#8221; css_animation=&#8221;&#8221; box_shadow_on_row=&#8221;no&#8221;][vc_column][vc_custom_heading text=&#8221;Videos&#8221; use_theme_fonts=&#8221;yes&#8221;][\/vc_column][\/vc_row][vc_row row_type=&#8221;row&#8221; use_row_as_full_screen_section=&#8221;yes&#8221; type=&#8221;full_width&#8221; text_align=&#8221;left&#8221; css_animation=&#8221;&#8221; box_shadow_on_row=&#8221;no&#8221;][vc_column width=&#8221;2\/3&#8243;][vc_video link=&#8221;https:\/\/youtu.be\/fVDmLATVQ4E&#8221;][\/vc_column][vc_column width=&#8221;1\/3&#8243;][vc_video link=&#8221;https:\/\/youtu.be\/0U-m86d2jU8&#8243;][vc_empty_space height=&#8221;18px&#8221; image_repeat=&#8221;no-repeat&#8221;][vc_video link=&#8221;https:\/\/www.youtube.com\/watch?v=nFB4ZogMdKU&#8221;][\/vc_column][\/vc_row][vc_row row_type=&#8221;row&#8221; use_row_as_full_screen_section=&#8221;no&#8221; type=&#8221;full_width&#8221; text_align=&#8221;left&#8221; css_animation=&#8221;&#8221; box_shadow_on_row=&#8221;no&#8221;][vc_column][vc_empty_space height=&#8221;42px&#8221; image_repeat=&#8221;no-repeat&#8221;][\/vc_column][\/vc_row][vc_row row_type=&#8221;row&#8221; use_row_as_full_screen_section=&#8221;no&#8221; type=&#8221;full_width&#8221; text_align=&#8221;left&#8221; css_animation=&#8221;&#8221; box_shadow_on_row=&#8221;no&#8221;][vc_column][vc_custom_heading text=&#8221;Photos&#8221; use_theme_fonts=&#8221;yes&#8221;][vc_masonry_media_grid element_width=&#8221;6&#8243; gap=&#8221;2&#8243; item=&#8221;masonryMedia_BorderedScale&#8221; grid_id=&#8221;vc_gid:1523145193330-caf7defe-eae0-10&#8243; include=&#8221;994,992,763,765&#8243;][\/vc_column][\/vc_row][vc_row row_type=&#8221;row&#8221; use_row_as_full_screen_section=&#8221;no&#8221;&#8230;<\/p>\n","protected":false},"author":1,"featured_media":0,"parent":0,"menu_order":0,"comment_status":"closed","ping_status":"closed","template":"","meta":[],"_links":{"self":[{"href":"https:\/\/www.oliverdiaz.es\/en\/wp-json\/wp\/v2\/pages\/420"}],"collection":[{"href":"https:\/\/www.oliverdiaz.es\/en\/wp-json\/wp\/v2\/pages"}],"about":[{"href":"https:\/\/www.oliverdiaz.es\/en\/wp-json\/wp\/v2\/types\/page"}],"author":[{"embeddable":true,"href":"https:\/\/www.oliverdiaz.es\/en\/wp-json\/wp\/v2\/users\/1"}],"replies":[{"embeddable":true,"href":"https:\/\/www.oliverdiaz.es\/en\/wp-json\/wp\/v2\/comments?post=420"}],"version-history":[{"count":80,"href":"https:\/\/www.oliverdiaz.es\/en\/wp-json\/wp\/v2\/pages\/420\/revisions"}],"predecessor-version":[{"id":1504,"href":"https:\/\/www.oliverdiaz.es\/en\/wp-json\/wp\/v2\/pages\/420\/revisions\/1504"}],"wp:attachment":[{"href":"https:\/\/www.oliverdiaz.es\/en\/wp-json\/wp\/v2\/media?parent=420"}],"curies":[{"name":"wp","href":"https:\/\/api.w.org\/{rel}","templated":true}]}}